{"id":353,"date":"2016-07-26T04:11:31","date_gmt":"2016-07-26T04:11:31","guid":{"rendered":"http:\/\/josemanuellosada.com\/en\/investigacion"},"modified":"2025-06-09T10:09:09","modified_gmt":"2025-06-09T10:09:09","slug":"research","status":"publish","type":"page","link":"https:\/\/josemanuellosada.com\/en\/research","title":{"rendered":"Research"},"content":{"rendered":"<p>[et_pb_section fb_built=&#8221;1&#8243; custom_padding_last_edited=&#8221;on|desktop&#8221; admin_label=&#8221;section&#8221; _builder_version=&#8221;4.16&#8243; background_color=&#8221;#fcfcfc&#8221; custom_padding_tablet=&#8221;50px|0|50px|0&#8243; custom_padding_phone=&#8221;&#8221; padding_mobile=&#8221;off&#8221; global_colors_info=&#8221;{}&#8221;][et_pb_row padding_mobile=&#8221;off&#8221; column_padding_mobile=&#8221;on&#8221; admin_label=&#8221;Fila&#8221; _builder_version=&#8221;4.16&#8243; background_size=&#8221;initial&#8221; background_position=&#8221;top_left&#8221; background_repeat=&#8221;repeat&#8221; global_colors_info=&#8221;{}&#8221;][et_pb_column type=&#8221;4_4&#8243; _builder_version=&#8221;4.16&#8243; custom_padding=&#8221;|||&#8221; global_colors_info=&#8221;{}&#8221; custom_padding__hover=&#8221;|||&#8221;][et_pb_text admin_label=&#8221;Anchor links&#8221; _builder_version=&#8221;4.16&#8243; background_size=&#8221;initial&#8221; background_position=&#8221;top_left&#8221; background_repeat=&#8221;repeat&#8221; global_colors_info=&#8221;{}&#8221;]<\/p>\n<p id=\"1\" style=\"text-align: center;\"><span style=\"font-size: 14pt;\"><span style=\"color: #613927;\"><b><a href=\"#interes\">Campos de inter\u00e9s<\/a>\u00a0| <a href=\"#proyectos\">Colaboraci\u00f3n en proyectos<\/a> | <a href=\"#estancias\">Estancias<\/a> | <a href=\"#conferencias\">Conferencias<\/a>\u00a0| <a href=\"#otros\">Otros m\u00e9ritos<\/a><\/b><\/span><\/span><\/p>\n<p>[\/et_pb_text][\/et_pb_column][\/et_pb_row][et_pb_row padding_mobile=&#8221;off&#8221; column_padding_mobile=&#8221;on&#8221; admin_label=&#8221;Fila&#8221; _builder_version=&#8221;4.16&#8243; background_size=&#8221;initial&#8221; background_position=&#8221;top_left&#8221; background_repeat=&#8221;repeat&#8221; global_colors_info=&#8221;{}&#8221;][et_pb_column type=&#8221;4_4&#8243; _builder_version=&#8221;4.16&#8243; custom_padding=&#8221;|||&#8221; global_colors_info=&#8221;{}&#8221; custom_padding__hover=&#8221;|||&#8221;][et_pb_text admin_label=&#8221;T\u00edtulo H2 fondo blanco&#8221; _builder_version=&#8221;4.16&#8243; background_size=&#8221;initial&#8221; background_position=&#8221;top_left&#8221; background_repeat=&#8221;repeat&#8221; global_colors_info=&#8221;{}&#8221;]<\/p>\n<h2 id=\"interes\" style=\"text-align: center;\"><span style=\"color: #613927;\"><strong>Campos de inter\u00e9s<\/strong><\/span><\/h2>\n<p>[\/et_pb_text][\/et_pb_column][\/et_pb_row][et_pb_row padding_mobile=&#8221;off&#8221; column_padding_mobile=&#8221;on&#8221; admin_label=&#8221;row&#8221; _builder_version=&#8221;4.27.4&#8243; background_color=&#8221;#faf4e9&#8243; background_size=&#8221;initial&#8221; background_position=&#8221;top_left&#8221; background_repeat=&#8221;repeat&#8221; hover_enabled=&#8221;0&#8243; custom_css_main_element=&#8221;border-radius: 30px;||box-shadow: 10px 10px 10px rgba(0,0,0,.1);&#8221; global_colors_info=&#8221;{}&#8221; sticky_enabled=&#8221;0&#8243;][et_pb_column type=&#8221;4_4&#8243; _builder_version=&#8221;4.16&#8243; custom_padding=&#8221;|||&#8221; global_colors_info=&#8221;{}&#8221; custom_padding__hover=&#8221;|||&#8221;][et_pb_text admin_label=&#8221;Texto anchura 95%&#8221; _builder_version=&#8221;4.27.4&#8243; background_size=&#8221;initial&#8221; background_position=&#8221;top_left&#8221; background_repeat=&#8221;repeat&#8221; max_width=&#8221;95%&#8221; custom_margin=&#8221;|||30px&#8221; hover_enabled=&#8221;0&#8243; global_colors_info=&#8221;{}&#8221; sticky_enabled=&#8221;0&#8243;]<\/p>\n<div id=\"container\">\n<div id=\"sub_container2\">\n<div id=\"content_container\" class=\"content\">\n<ul>\n<li>Mitocr\u00edtica y epistemolog\u00eda del mito<\/li>\n<li>Literatura francesa de los siglos XVII-XXI<\/li>\n<li>Teor\u00eda de la literatura y literatura comparada<\/li>\n<\/ul>\n<\/div>\n<p><\/div>\n<p><\/div>\n<p>[\/et_pb_text][\/et_pb_column][\/et_pb_row][et_pb_row padding_mobile=&#8221;off&#8221; column_padding_mobile=&#8221;on&#8221; admin_label=&#8221;Fila&#8221; _builder_version=&#8221;4.16&#8243; background_size=&#8221;initial&#8221; background_position=&#8221;top_left&#8221; background_repeat=&#8221;repeat&#8221; global_colors_info=&#8221;{}&#8221;][et_pb_column type=&#8221;4_4&#8243; _builder_version=&#8221;4.16&#8243; custom_padding=&#8221;|||&#8221; global_colors_info=&#8221;{}&#8221; custom_padding__hover=&#8221;|||&#8221;][et_pb_text admin_label=&#8221;T\u00edtulo H2 fondo blanco&#8221; _builder_version=&#8221;4.16&#8243; background_size=&#8221;initial&#8221; background_position=&#8221;top_left&#8221; background_repeat=&#8221;repeat&#8221; global_colors_info=&#8221;{}&#8221;]<\/p>\n<h2 id=\"proyectos\" style=\"text-align: center;\"><span style=\"color: #613927;\"><strong>Colaboraci\u00f3n en proyectos<\/strong><\/span><\/h2>\n<p>[\/et_pb_text][\/et_pb_column][\/et_pb_row][et_pb_row padding_mobile=&#8221;off&#8221; column_padding_mobile=&#8221;on&#8221; admin_label=&#8221;row&#8221; _builder_version=&#8221;4.27.4&#8243; background_color=&#8221;#faf4e9&#8243; background_size=&#8221;initial&#8221; background_position=&#8221;top_left&#8221; background_repeat=&#8221;repeat&#8221; hover_enabled=&#8221;0&#8243; custom_css_main_element=&#8221;border-radius: 30px;||box-shadow: 10px 10px 10px rgba(0,0,0,.1);&#8221; global_colors_info=&#8221;{}&#8221; sticky_enabled=&#8221;0&#8243;][et_pb_column type=&#8221;4_4&#8243; _builder_version=&#8221;4.27.4&#8243; custom_padding=&#8221;|||&#8221; hover_enabled=&#8221;0&#8243; global_colors_info=&#8221;{}&#8221; custom_padding__hover=&#8221;|||&#8221; sticky_enabled=&#8221;0&#8243;][et_pb_text admin_label=&#8221;Texto anchura 95%&#8221; _builder_version=&#8221;4.16&#8243; background_size=&#8221;initial&#8221; background_position=&#8221;top_left&#8221; background_repeat=&#8221;repeat&#8221; max_width=&#8221;95%&#8221; custom_margin=&#8221;|||30px&#8221; global_colors_info=&#8221;{}&#8221;]<\/p>\n<ul>\n<li>TEI-WIKI para estudios de interculturalidad mediante ense\u00f1anza comparada de literatura y arte. Entidad financiadora: Universidad Complutense de Madrid y Comunidad Aut\u00f3noma de Madrid; n\u00ba ref. CCG08-UCM\/HUM-3851 (importe concedido: 13.950 \u20ac). Investigador principal: Asunci\u00f3n L\u00f3pez-Varela. Duraci\u00f3n: 2008 &#8211; 2009.<\/li>\n<li>La Europa de la escritura. Grupo de investigaci\u00f3n interdisciplinar e internacional en torno a las relaciones entre la escritura y la imagen. Entidad financiadora: Universidad Complutense de Madrid \/ Comunidad Aut\u00f3noma de Madrid; n\u00ba ref. CCG07-UCM\/HUM-2748 (importe concedido: 10.000 \u20ac). Investigador principal: Ana Mar\u00eda Leyra. Duraci\u00f3n: 2007 &#8211; 2009.<\/li>\n<li>Seminario de estudios teatrales. Entidad financiadora: Universidad Complutense de Madrid \/ Comunidad Aut\u00f3noma de Madrid; n\u00ba ref. CCG07-UCM\/HUM-2938 (importe concedido: 13.800 \u20ac). Investigador principal: Javier Huerta. Duraci\u00f3n: 2007 &#8211; 2008.<\/li>\n<li>Proyecto de mejora de la atenci\u00f3n al estudiante de Filolog\u00eda a trav\u00e9s de las TIC y de Campus Virtual. Entidad financiadora: Vicerrectorado de Inform\u00e1tica y Comunicaciones de la Universidad Complutense; n\u00ba ref. PIMCD 2006\/655 (importe concedido: 4.800 \u20ac). Investigador principal: D\u00e1maso L\u00f3pez. Duraci\u00f3n: 2006 &#8211; 2007.<\/li>\n<li>El teatro extranjero en la escena madrile\u00f1a (1975-2005): recepci\u00f3n y puesta en escena Comunidad Aut\u00f3noma de Madrid; Entidad financiadora: Universidad Complutense de Madrid y Comunidad Aut\u00f3noma de Madrid; n\u00ba ref. 930128 (importe concedido: 9.140 \u20ac). Investigador principal: Javier Huerta Calvo. Duraci\u00f3n: 2006 &#8211; 2007.\u00e7<\/li>\n<\/ul>\n<p>[\/et_pb_text][\/et_pb_column][\/et_pb_row][et_pb_row padding_mobile=&#8221;off&#8221; column_padding_mobile=&#8221;on&#8221; admin_label=&#8221;Fila&#8221; _builder_version=&#8221;4.16&#8243; background_size=&#8221;initial&#8221; background_position=&#8221;top_left&#8221; background_repeat=&#8221;repeat&#8221; global_colors_info=&#8221;{}&#8221;][et_pb_column type=&#8221;4_4&#8243; _builder_version=&#8221;4.16&#8243; custom_padding=&#8221;|||&#8221; global_colors_info=&#8221;{}&#8221; custom_padding__hover=&#8221;|||&#8221;][et_pb_text admin_label=&#8221;T\u00edtulo H2 fondo blanco&#8221; _builder_version=&#8221;4.16&#8243; background_size=&#8221;initial&#8221; background_position=&#8221;top_left&#8221; background_repeat=&#8221;repeat&#8221; global_colors_info=&#8221;{}&#8221;]<\/p>\n<h2 id=\"estancias\" style=\"text-align: center;\"><span style=\"color: #613927;\"><strong>Estancias en centros extranjeros<\/strong><\/span><\/h2>\n<p>[\/et_pb_text][\/et_pb_column][\/et_pb_row][et_pb_row padding_mobile=&#8221;off&#8221; column_padding_mobile=&#8221;on&#8221; admin_label=&#8221;row&#8221; _builder_version=&#8221;4.16&#8243; background_color=&#8221;#faf4e9&#8243; background_size=&#8221;initial&#8221; background_position=&#8221;top_left&#8221; background_repeat=&#8221;repeat&#8221; custom_css_main_element=&#8221;border-radius: 30px;||box-shadow: 10px 10px 10px rgba(0,0,0,.1);&#8221; global_colors_info=&#8221;{}&#8221;][et_pb_column type=&#8221;4_4&#8243; _builder_version=&#8221;4.16&#8243; custom_padding=&#8221;|||&#8221; global_colors_info=&#8221;{}&#8221; custom_padding__hover=&#8221;|||&#8221;][et_pb_text admin_label=&#8221;Texto anchura 95%&#8221; _builder_version=&#8221;4.16&#8243; background_size=&#8221;initial&#8221; background_position=&#8221;top_left&#8221; background_repeat=&#8221;repeat&#8221; max_width=&#8221;95%&#8221; custom_margin=&#8221;|||30px&#8221; global_colors_info=&#8221;{}&#8221;]<\/p>\n<ul>\n<li>Universidad de Atenas (Ethniko Kai Kapodistriako Panepistimio Athinon, Grecia). 2023 (1 semana). Convenio Internacional Erasmus.<\/li>\n<li>Universidad de Sof\u00eda St. Kliment Ohridski (Bulgaria). 2023 (diez d\u00edas). \u201cResilience Transnational Access\u201d (TNA).<\/li>\n<li><span style=\"font-size: 14px;\">Universidad de Islandia (Reikiavik). 2022 (1 semana). Convenio Internacional no Erasmus.<\/span><\/li>\n<li>Universit\u00e9 de Carthage (Tunis). 2022 (1 semana). Convenio Internacional Erasmus.<\/li>\n<li>Universidad de Guadalajara (M\u00e9xico). 2021 (1 semana). Convenio Internacional No Erasmus.<\/li>\n<li>Ludwig-Maximilians-Universit\u00e4t M\u00fcnchen (Alemania). 2018 (1 semana).\u00a0Erasmus +:\u00a0Staff mobility for teaching between Programme Countries.<\/li>\n<li>Westf\u00e4lische Wilhelms-Universit\u00e4t M\u00fcnster (Alemania). 2018 (1 semana). Erasmus +:\u00a0Staff mobility for teaching between Programme Countries.<\/li>\n<li>University of Durham (Reino Unido). 2017 (3 meses). Senior Fellowship of the Institute of Advanced Study &#8211; University College (The Castle).<\/li>\n<li>Universit\u00e9 Paul-Val\u00e9ry (Montpellier, Francia). 2015 (1 semana). Erasmus +: Staff mobility for teaching between Programme Countries.<\/li>\n<li>The Hebrew University of Jerusalem (Israel). 2008 (1 semana). Bolsa de viaje Complutense.<\/li>\n<li>Universidad de Par\u00eds-Sorbona (Par\u00eds IV). 2006 (3 semanas). Bolsa de viaje Complutense.<\/li>\n<li>Universidad de Par\u00eds-Denis Diderot (Par\u00eds VII). 2001 (3 semanas). Bolsa de viaje Complutense.<\/li>\n<li>Universidad de Oxford. 1996-98 (2,5 a\u00f1os). Visiting Scholar de la Faculty of English (1996-98) y miembro del SCR (Senior Commom Room) de Saint-John\u2019s College (1997-98).<\/li>\n<li>Universit\u00e9 de Montr\u00e9al, D\u00e9partement de Litt\u00e9rature compar\u00e9e. 1995 (3 meses). Agence Universitaire pour l\u2019Enseignement de la Langue Fran\u00e7aise (AUPELF) &amp; Fonds International de Culture Universitaire (FICU).<\/li>\n<li>Harvard University, Department of Romance Languages and Literatures. 1994 (3 meses). Visiting Scholar.<\/li>\n<li>Universidad de Par\u00eds-Sorbona (Par\u00eds IV). 1986-90 (5 a\u00f1os). Doctorado.<\/li>\n<\/ul>\n<p>[\/et_pb_text][\/et_pb_column][\/et_pb_row][et_pb_row padding_mobile=&#8221;off&#8221; column_padding_mobile=&#8221;on&#8221; admin_label=&#8221;Fila&#8221; _builder_version=&#8221;4.16&#8243; background_size=&#8221;initial&#8221; background_position=&#8221;top_left&#8221; background_repeat=&#8221;repeat&#8221; global_colors_info=&#8221;{}&#8221;][et_pb_column type=&#8221;4_4&#8243; _builder_version=&#8221;4.16&#8243; custom_padding=&#8221;|||&#8221; global_colors_info=&#8221;{}&#8221; custom_padding__hover=&#8221;|||&#8221;][et_pb_text admin_label=&#8221;T\u00edtulo H2 fondo blanco&#8221; _builder_version=&#8221;4.16&#8243; background_size=&#8221;initial&#8221; background_position=&#8221;top_left&#8221; background_repeat=&#8221;repeat&#8221; global_colors_info=&#8221;{}&#8221;]<\/p>\n<h2 id=\"conferencias\" style=\"text-align: center;\"><span style=\"color: #613927;\"><strong>Conferencias y comunicaciones<\/strong><\/span><\/h2>\n<p>[\/et_pb_text][\/et_pb_column][\/et_pb_row][et_pb_row padding_mobile=&#8221;off&#8221; column_padding_mobile=&#8221;on&#8221; admin_label=&#8221;row&#8221; _builder_version=&#8221;4.16&#8243; _module_preset=&#8221;e9f76827-42f8-4511-a9bf-fb4422cb5a45&#8243; background_color=&#8221;#faf4e9&#8243; background_size=&#8221;initial&#8221; background_position=&#8221;top_left&#8221; background_repeat=&#8221;repeat&#8221; custom_padding=&#8221;17px|||29px||&#8221; custom_css_main_element=&#8221;border-radius: 30px;||box-shadow: 10px 10px 10px rgba(0,0,0,.1);&#8221; global_colors_info=&#8221;{}&#8221;][et_pb_column type=&#8221;4_4&#8243; _builder_version=&#8221;4.16&#8243; custom_padding=&#8221;|||&#8221; global_colors_info=&#8221;{}&#8221; custom_padding__hover=&#8221;|||&#8221;][et_pb_text admin_label=&#8221;Texto anchura 95%&#8221; _builder_version=&#8221;4.19.5&#8243; background_size=&#8221;initial&#8221; background_position=&#8221;top_left&#8221; background_repeat=&#8221;repeat&#8221; max_width=&#8221;95%&#8221; custom_margin=&#8221;|||30px&#8221; global_colors_info=&#8221;{}&#8221;]<\/p>\n<ol>1. \u201cMitos femeninos de la temprana modernidad\u201d, en \u201cPlumas rebeldes, voces silenciadas, mujer y (temprana) modernidad\u201d (Sevilla, 23-25\/04\/2025). Conferenciante invitado. \u2015 https:\/\/www.us.es\/eventos\/agenda\/plumas-rebeldes-voces-silenciadas-mujer-y-temprana-modernidad 2. \u201cHeroes and Heroines Across Time: From Myth to Science Fiction\u201d, en \u201cHawai\u02bbi International Conference on Film, Literature &amp; Culture\u201d (Honolulu, University of Hawaii), 15\/04\/2025. Conferenciante invitado. Conferencia de inauguraci\u00f3n. \u2015 https:\/\/sites.google.com\/hawaii.edu\/hawaiiinternationalfilm?usp=sharing&amp;pli=1 3. \u201cImagen, relato y trascendencia, fundamentos de la mitocr\u00edtica cultural\u201d, curso del \u201cDiploma de Mitolog\u00eda y Simbolog\u00eda\u201d, Seminari Conciliar de Barcelona, Institut Superior de Ci\u00e8ncies Religioses de Barcelona, 15\/03\/2025. Conferenciante invitado. \u2015 https:\/\/www.iscreb.org\/es\/comunicacio\/conferencia-imagen-relato-y-trascendencia-fundamentos-de-la-mitocritica-cultural 4. \u201cMitocr\u00edtica cultural: teor\u00edas de la representaci\u00f3n\u201d, conferencia plenaria del proyecto de investigaci\u00f3n \u201cAndr\u00f3meda. Mito y representaci\u00f3n: actividades te\u00f3rico-pr\u00e1cticas de innovaci\u00f3n en mitocr\u00edtica cultural\u201d (Comunidad de Madrid, ref. PHS-2024\/PH-HUM-76), Facultad de Filolog\u00eda, Universidad Complutense, 18\/02\/2025. \u2015 https:\/\/acisgalatea.com\/wp-content\/uploads\/2025\/02\/Poster-JML-18FEB-1.png 5. \u201cMito y narrativa iberoamericana del siglo XX: procesos de mitificaci\u00f3n, remitificaci\u00f3n y desmitificaci\u00f3n\u201d, I Coloquio de la Red Latinoamericana de Mitocr\u00edtica Pachamama y VIII Congreso Internacional de Mitocr\u00edtica, Teatro Francisco Oller, Municipio de Bayam\u00f3n (Universidad de Puerto Rico), 30\/10\/2024. Conferenciante invitado. Conferencia de clausura plenaria. \u2015 Enlace a la conferencia. 6. \u201c\u00bfPor qu\u00e9 Ant\u00edgona es un mito?\u201d, Congreso \u201cAnt\u00edgona: liberdade e opress\u00e3o (pelos 50 anos de Abril)\u201d, Universidad de Aveiro (Portugal), 24\/04\/2024. 7. \u201cCorrelatos del imaginario sobrenatural: mito y fantas\u00eda\u201d, Universidad Cat\u00f3lica San Antonio de Murcia, 22\/02\/2024. Conferenciante invitado. Conferencia inaugural plenaria. 8. \u201cMyth Today\u201d, Seminario del M\u00e1ster de Filolog\u00eda Cl\u00e1sica, Universidad de Atenas (\u201cEthniko Kai Kapodistriako Panepistimio Athinon\u201d, Grecia), 29\/11\/2023. Conferenciante invitado. 9. \u201cV\u00edctor Hugo y lo grotesco\u201d, Seminario permanente de investigaci\u00f3n \u201cLa Europa de la Escritura\u201d, Universidad Complutense, 16\/05\/2023. Conferenciante invitado. 10. \u201cAn\u00e1lisis de un tiempo nuevo para el mito\u201d, I Seminario de Mitocr\u00edtica Cultural, Universidad Complutense, 11\/04\/2023. Conferencia inaugural. 11. \u201cCultural Myth Criticism: Defining Myth in Traditional and Contemporary Cultures\u201d, Institute of Ethnology and Folklore Studies with Ethnographic Museum \u2013 Bulgarian Academy of Sciences (IEFSEM-BAS), Sof\u00eda (Bulgaria), 31\/03\/2023. Conferenciante invitado. 12. \u201cTemas y estereotipos en el cine espa\u00f1ol\u201d, Instituto Biling\u00fce n.\u00ba 127 \u201cIvan Nikolaevich Denkoglu\u201d, Sof\u00eda (Bulgaria), 30\/03\/2023. Conferenciante invitado. 13. \u201cLa importancia de la lectura\u201d, Escuela de Padres, Colegio Espa\u00f1ol Reina Sof\u00eda (Sof\u00eda, Bulgaria), 29\/03\/2023. Conferenciante invitado. 14. \u201cPhilom\u00e8le et Procn\u00e9 chez Rojas Zorrilla: le viol de la nature\u201d, Universit\u00e9 de Reims Champagne-Ardenne, Reims, 19\/01\/2023. Conferenciante invitado. 15. \u201cMythes et st\u00e9r\u00e9otypes dans le cin\u00e9ma de langue espagnole\u201d, Universit\u00e9 de Versailles Saint-Quentin-en-Yvelines, 17\/01\/2023. Conferenciante invitado. 16. \u201cMito y mitocr\u00edtica cultural: un itinerario biogr\u00e1fico\u201d, Conferencia inauguradora del VII International Conference on Myth Criticism, Universidad Complutense, Madrid, 25\/10\/2022. Conferenciante invitado. \u2015 https:\/\/www.youtube.com\/watch?v=xTHH_5dPT6I&amp;list=PLhvHhhaLAGhCKRUIC_Tndh_vpOF5zgUDX&amp;index=19&amp;t=4188s 17. \u201cCultural Myth Criticism: A New Approach to Past, Present and Future Narratives\u201d, Conferencia plenaria, Universidad de Islandia (Reikiavik), 08\/09\/2022. Conferenciante invitado. 18. \u201cEl pante\u00f3n mitol\u00f3gico: desproporciones de masculinidad y tendencias de nivelaci\u00f3n\u201d, Las im\u00e1genes como recurso aplicado a investigaciones situadas desde la perspectiva de g\u00e9nero, curso impartido dentro de las \u201cActividades Formativas de Doctorado\u201d, organizado por la Escuela de Doctorado de la Universidad Complutense, Madrid, 13\/07\/2022. Conferenciante invitado. 19. \u201cPresentaci\u00f3n, mesa redonda y discusi\u00f3n\u201d, Congreso Malum liberatum: congreso sobre expresiones del mal en la cultura (Madrid, Universidad Complutense, 18\/05\/2022). 20. \u201cUlysses (1922-2022): tradici\u00f3n e innovaci\u00f3n. Del mito al hito en la obra de James Joyce\u201d, Jos\u00e9 Manuel Losada y Asunci\u00f3n L\u00f3pez-Varela, en la librer\u00eda Meta (Madrid), 26\/04\/2022. 21. \u201cMitocr\u00edtica cultural: um itiner\u00e1rio na pesquisa contempor\u00e2nea\u201d, Universidade do Minho, Instituto de Educa\u00e7\u00e3o (Braga, Portugal), 15\/03\/2022. Conferenciante invitado. 22. \u201cMoli\u00e8re, su teatro y Espa\u00f1a\u201d, Conferencia invitada en la Fundaci\u00f3n Juan March, sede de Madrid, con motivo del cuarto centenario del autor. 11\/01\/2022. Conferenciante invitado. \u2015 https:\/\/www.youtube.com\/watch?v=sdLtOt0OWjo \u2015 https:\/\/youtu.be\/VZYvwGLcZJE \u2015 https:\/\/canal.march.es\/es\/coleccion\/moliere-su-centenario-i-moliere-su-teatro-espana-38538 23. \u201cEl \u00abUlysses\u00bb de Joyce: una po\u00e9tica minimalista\u201d, Conferencia inauguradora del Coloquio \u00abSmallness. Mitos, marcos y avatares en la modernidad tard\u00eda\u00bb, Universidad Complutense de Madridm, Facultad de Filolog\u00eda &#8211; Sal\u00f3n Actos Edificio D, Seminario de investigaci\u00f3n y encuentros po\u00e9ticos. 26\/11\/2021. Conferenciante invitado. \u2015 https:\/\/www.youtube.com\/watch?v=o1vmYoIRfxc&amp;list=PLhvHhhaLAGhCKRUIC_Tndh_vpOF5zgUDX&amp;index=3 24. \u201c\u00abLos miserables\u00bb de V\u00edctor Hugo\u201d, ISDE (Instituto Superior de Derecho y Econom\u00eda, c\/ Serrano, 208), conferencia sobre Orph\u00e9e de Jean Cocteau, Madrid, 09\/12\/2021. Conferenciante invitado. 25. \u201cLa mitocr\u00edtica en Espa\u00f1a y sus \u00e1mbitos de acci\u00f3n\u201d, Coloquio \u201cDe la mythocritique \u00e0 la g\u00e9ocritique: parcours m\u00e9thodologiques internationaux appliqu\u00e9s \u00e0 l\u2019\u00e9tude des alt\u00e9rit\u00e9s\u201d, Universidad Pompeu Fabra, Barcelona, 4\/11\/2021. Conferenciante invitado. 26. \u201cLiteratura, religi\u00f3n y mito\u201d, conferencia magistral en la C\u00e1tedra Inaugural de Letras Hisp\u00e1nicas, Universidad de Guadalajara, Centro Universitario del Sur, Ciudad Guzm\u00e1n (Zapotl\u00e1n el Grande), 13\/09\/2021. Conferenciante invitado. \u2015 https:\/\/www.youtube.com\/watch?v=UlfyYz_-3BM&amp;list=PLhvHhhaLAGhCKRUIC_Tndh_vpOF5zgUDX&amp;index=5 27. \u201cFundamentos de la mitocr\u00edtica cultural\u201d, conferencia magistral, Universidad de Guadalajara, Centro Universitario de Ciencias Sociales y Humanidades, Guadalajara (M\u00e9xico), 10\/09\/2021. Conferenciante invitado. \u2015 https:\/\/www.youtube.com\/watch?v=KuAId5oFcb0&amp;list=PLhvHhhaLAGhCKRUIC_Tndh_vpOF5zgUDX&amp;index=4 28. \u201cMito y viaje\u201d, I Jornada sobre Literatura Peregrina \u201cRomeros, caminantes y peregrinos en el camino\u201d, Instituto de Estudios Riojanos, Logro\u00f1o, 28\/07\/2021. Conferenciante invitado. \u2015 https:\/\/www.youtube.com\/playlist?list=PLhvHhhaLAGhCKRUIC_Tndh_vpOF5zgUDX 29. \u201cMito: definiciones y definici\u00f3n\u201d, VII Jornadas de Investigaci\u00f3n del Doctorado en Ciencias de las Religiones, Universidad Complutense de Madrid, 4\/06\/2021. Conferenciante invitado. \u2015 https:\/\/www.youtube.com\/watch?v=79Vu7nwCFCY&amp;list=PLhvHhhaLAGhCKRUIC_Tndh_vpOF5zgUDX&amp;index=11&amp;t=2381s 30. \u201cMagia y correlatos del imaginario\u201d, Seminarios de Aglaya, Universidad Complutense de Madrid, 16\/10\/2021. \u2015 https:\/\/www.youtube.com\/watch?v=IW5eTAzjsTo 31. \u201cMitocr\u00edtica cultural: hermen\u00e9utica y metodolog\u00eda\u201d, seminario en el M\u00e1ster Universitario en Investigaci\u00f3n en Lengua y Literatura, Facultad de Filolog\u00eda, Universidad de Valencia, 16\/12\/2020. Conferenciante invitado. 32. \u201cEl mito de Dem\u00e9ter: un an\u00e1lisis de mitocr\u00edtica cultural\u201d, conferencia plenaria en las I Jornadas Mito de la Universidad Antonio de Nebrija, 10\/12\/2020. Conferenciante invitado. 33. \u201cEl mito: an\u00e1lisis para un tiempo nuevo\u201d, conferencia plenaria, Universidad Francisco de Vitoria, 04\/03\/2020. Conferenciante invitado. 34. \u201cDu Cid \u00e0 Don Juan, le patrimoine espagnol\u201d, Auditorium, Pavillon Dufour (Ch\u00e2teau de Versailles), con ocasi\u00f3n de 320\u00ba aniversario de la entronizaci\u00f3n del duque de Anjou como rey d\u2019Espa\u00f1a, 29\/01\/2020. Conferenciante invitado. 35. \u201cMyth, Dream, and Fantasy: Some Criteria for Myth Criticism\u201d, Congreso Internacional \u201cMyth and Dream \/ The Dreaming of Myth\u201d, Universit\u00e0 di Bologna, 23-24\/05\/2019. Conferenciante invitado. 36. \u201cLa Biblia seg\u00fan Gide\u201d, Seminario \u201cLa Biblia imaginada: literatura, arte y Biblia en el siglo XX\u201d, Universidad Complutense (Madrid), 15\/03\/2019. Conferenciante invitado. 37. \u201cMadrid prof\u00e9tica\u201d, Seminario \u201cBajo el cielo m\u00edtico de Madrid. Un paisaje escult\u00f3rico, teatral y cinematogr\u00e1fico\u201d, Universidad Pontificia Comillas (Madrid), 08\/03\/2019. Conferenciante invitado. 38. \u201cEl monstruo, imprescindible en un mundo demasiado humano\u201d, Seminario de Acis &amp; Galatea: Mitocr\u00edtica, creaci\u00f3n art\u00edstica y divulgaci\u00f3n, Universidad Complutense, 19\/02\/2019. 39. \u201cLes mythes dans la litt\u00e9rature fran\u00e7aise: typologies et fonctions\u201d, Seminario, Universit\u00e0 degli Studi \u201cG. d\u2019Annunzio\u201d, Chieti, Italia, 14\/12\/2018. Conferenciante invitado. 40. \u201cMitos de la cosmogon\u00eda y escatolog\u00eda en la literatura hispanoamericana\u201d, Seminario Internacional \u201cExperiencia de la variaci\u00f3n. Reescrituras del mito en las literaturas hispanoamericanas del siglo XX\u201d, Universit\u00e0 Ca\u2019Foscari, Venecia, 11-12\/12\/2018. Conferenciante invitado. 41. \u201cLa mitocr\u00edtica cultural: tipolog\u00edas del mito\u201d, Universidad Complutense, Jornadas acad\u00e9micas \u201c25 aniversario del Instituto Universitario de las Religiones\u201d, 21\/11\/2018. Conferenciante invitado. 42. \u201cQuestions de Mythocritique Culturelle. La femme et l\u2019homme artificiels: Galat\u00e9es et Pygmalions d\u2019hier et d\u2019aujourd\u2019hui\u201d, Universidad de M\u00fanich (LMU), Instituto de Filolog\u00eda Rom\u00e1nica (Universit\u00e4t M\u00fcnchen &#8211; LMU, f\u00fcr Romanische Philologie), 10\/07\/2018. Programa Erasmus+. Conferenciante invitado. 43. \u201cInvestigaci\u00f3n en mitocr\u00edtica hoy: alicientes y problem\u00e1tica. Del F\u00e9nix y otros casos emblem\u00e1ticos\u201d, Universidad de M\u00fanich, Instituto de Filolog\u00eda Rom\u00e1nica, (Universit\u00e4t M\u00fcnchen &#8211; LMU, Institut f\u00fcr Romanische Philologie), 09\/07\/2018. Programa Erasmus+. Conferenciante invitado. 44. \u201cInvestigaci\u00f3n en mitocr\u00edtica hoy: alicientes y problem\u00e1tica. Del F\u00e9nix y otros casos emblem\u00e1ticos\u201d, Universidad de M\u00fanster, Departamento de Estudios Espa\u00f1oles, Portugueses y Latinoamericanos (Westf\u00e4lische Wilhelms-Universit\u00e4t &#8211; Spanisch-Portugiesisch-Lateinamerikanische Abteilung), 05\/07\/2018. Programa Erasmus+. Conferenciante invitado. 45. \u201cFunctions of Myth\u201d, \u201cThe Old and the New. Tenth Anniversary Celebration of the Centre for Myth Studies\u201d, University of Essex (Colchester, R.U.), 11\/05\/2018. Conferenciante invitado. 46. \u201cMythologie et mythocritique fran\u00e7aises\u201d, Journ\u00e9es Doctorales \u201cHorizons litt\u00e9raires en fran\u00e7ais\u201d, Universidad de Granada, 15-16\/03\/2018. Conferenciante invitado. 47. \u201cMito y creaci\u00f3n audiovisual\u201d, Seminario de Acis &amp; Galatea: Mitocr\u00edtica, creaci\u00f3n art\u00edstica y divulgaci\u00f3n, Universidad Complutense, 21\/02\/2018. 48. \u201cMito y tiempo absoluto\u201d, II Jornada de trabajo MYHE \u201cEl problema del mito II: mito y tiempo\u201d, Universidad de Navarra (Pamplona), 15\/06\/17. Conferenciante invitado. 49. \u201cLa Mitocr\u00edtica\u201d, Ier Seminario Internacional \u201cNarrativas del paisaje (leer y escribir los espacios)\u201d, Universidad de Extremadura (Campus de Badajoz), 1-2\/06\/17. Conferenciante invitado. 50. \u201cLa culture religieuse. Comment sortir de la jach\u00e8re?\u201d, Colloque International \u201cL\u2019enseignement de la culture religieuse par l\u2019Universit\u00e9 la\u00efque et r\u00e9publicaine\u201d, Universit\u00e9 Lumi\u00e8re \u2013 Lyon 2, 18-19\/05\/17. Conferenciante invitado. 51. \u201cPresentaci\u00f3n de \u00abACIS. Grupo de Investigaci\u00f3n de Mitocr\u00edtica\u00bb\u201d, IV Seminario de Formaci\u00f3n Doctoral 2016-2017, \u201cDoctorado en Estudios Franceses\u201d, Universidad Complutense, 20\/04\/17. 52. \u201c\u00bfQu\u00e9 es la mitocr\u00edtica?\u201d, Seminario de Acis &amp; Galatea: Mitocr\u00edtica, creaci\u00f3n art\u00edstica y divulgaci\u00f3n, Universidad Complutense, 31\/03\/17. 53. \u201cMitocr\u00edtica cultural y Siglo de Oro\u201d, Seminario \u201cAcercamientos interdisciplinares a la literatura del Siglo de Oro\u201d, Universidad Complutense, 27\/03\/17. 54. \u201cLe personnage mythique: une typologie\u201d, Colloque International \u201cDu Personnage au mythe. Avatars et m\u00e9tamorphoses\u201d, Universidad de Sevilla, 10-11\/11\/16. Conferenciante invitado. 55. \u201cMythe et fantaisie\u201d, Literatura fant\u00e1stica hispano-franc\u00f3fona: nuevas narrativas de lo desconocido, Universidad de Castilla-La Mancha (Ciudad Real), 11\/04\/16. Conferenciante invitado. \u2015 https:\/\/www.youtube.com\/watch?v=FTDCCOnuRdo 56. \u201cNociones de mitocr\u00edtica\u201d, Sesi\u00f3n general de introducci\u00f3n a la mitocr\u00edtica. Proyecto Acis &amp; Galatea, Universidad Complutense, 15\/03\/16. \u2015 https:\/\/youtu.be\/klulXfMNCsI?list=PLhvHhhaLAGhBqnT2ovHIeywXL-oR0gxhR 57. \u201cPresentaci\u00f3n de \u00abACIS. Grupo de Investigaci\u00f3n de Mitocr\u00edtica\u00bb\u201d, III Seminario de Formaci\u00f3n Doctoral 2015-2016, \u201cDoctorado en Estudios Franceses\u201d, Universidad Complutense, 11\/03\/16. 58. \u201cLe \u2018mythe\u2019 de don Quichotte: probl\u00e8mes \u00e9pist\u00e9mologiques\u201d, Colloque international \u201cCervantes et don Quichotte depuis le XXIe si\u00e8cle\u201d, Universidad Jean Monnet (Saint-\u00c9tienne), 12-13\/11\/15. Conferenciante invitado. 59. \u201cLe r\u00e9cit mythique\u201d, M\u00e1ster Universitario, Universidad Paul-Val\u00e9ry (Montpellier 3), 09\/03\/15. Conferenciante invitado. 60. \u201cEl mito de la inmortalidad: don de dioses\u201d, I Seminario Interdisciplinar de Mitocr\u00edtica \u201cMito e inmortalidad\u201d, Universidad Complutense, 1-2\/12\/14. 61. \u201cIdentifier, accepter et sup\u00e9rer la crise du mythe: la chair et l\u2019os\u201d, 3rd International Conference on Myth Criticism, Universidad Complutense, 24\/10\/14. Conferenciante invitado. 62. \u201c\u00bfQu\u00e9 es el mito? Tipolog\u00eda m\u00edtica y procesos de mitificaci\u00f3n\u201d, III Jornadas Literarias 2014: \u201cEl Mito y la Literatura\u201d, Ateneo Navarro (Pamplona), 07\/10\/14. Conferenciante invitado. 63. \u201cGlenn Most (U. Chicago-Pisa): \u2018Allegorisis and Etymology\u2019\u201d \/ V\u00e9ronique G\u00e9ly (U. Par\u00eds-Sorbonne): \u201cProjet de Mythographie\u201d, S\u00e9minaire Autorit\u00e9s en partage (Enseignement de Doctorat), Centre de Recherche en Litt\u00e9rature Compar\u00e9e, 05\/06\/14. Conferenciante invitado. 64. \u201cMyth and Society: The Myth of Don Juan\u201d, Congreso \u201cWorld Literature: A View from Glocal Spanishes\u201d, Universidad Complutense, 27-28\/02\/14. 65. \u201cEl mito como relato simb\u00f3lico\u201d, 1er Congreso Internacional de Psicolog\u00eda y Humanidades, Los Lagos de Moreno (M\u00e9xico), 03\/07\/13. Conferenciante invitado. \u2015 https:\/\/www.youtube.com\/watch?v=HTTMjjxnR7k 66. \u201cMythical Etiology: Cosmogony, Theogony, Anthropogony\u201d, Institute of Literature, Folklore and Art, Universidad de Riga (Letonia), 08\/11\/12. Conferenciante invitado. 67. \u201cMyth and Origins: Men Want to Know\u201d, Centre for the Study of Myth, Universidad de Aberdeen (Reino Unido), 17\/10\/12. Conferenciante invitado. 68. \u201cBizarre: la valeur heuristique du mot en France et en Espagne au XVIIe si\u00e8cle\u201d, Coloquio internacional \u201cBaroque? Non, bizarre!\u201d, Universidad de Par\u00eds X Nanterre (Francia), 12-13\/04\/12. Conferenciante invitado. 69. \u201cSur un \u00e9v\u00e9nement de cour: l\u2019enl\u00e8vement de Mlle de Bouteville\u201d, Coloquio internacional \u201cPo\u00e9sie de cour, th\u00e9\u00e2tre historique (XVIe-XXe si\u00e8cles, monde hispanique et europ\u00e9en)\u201d, Universidad de Lyon (Francia), 24-25\/11\/11. Conferenciante invitado. 70. \u201cTorrente Ballester y el mito literario: realidad dual y proceso de mitificaci\u00f3n\u201d, Congreso internacional \u201cEl realismo en Torrente Ballester: poder, religi\u00f3n y mito\u201d, Universidad de M\u00fcnster (Alemania), 06-08\/10\/11. Conferenciante invitado. 71. \u201cFern\u00e1n Caballero: La mythologie racont\u00e9e aux enfants\u201d, Colloque international \u201cLa mythologie \u00e0 l\u2019usage des enfants\u201d, Universidad de Par\u00eds-Sorbonne, 31\/03-02\/04\/11. Conferenciante invitado. 72. \u201cTorrente Ballester y el mito literario: realidad dual y proceso de mitificaci\u00f3n\u201d, Curso extraordinario del Laboratorio \u201c\u00c9tats, Soci\u00e9t\u00e9, Religion\u201d, Universidad de Versailles Saint-Quentin, 30\/11\/10. Conferenciante invitado. 73. \u201cLes adaptations dramaturgiques des romans et nouvelles espagnols au XVIIe si\u00e8cle\u201d, Symposium international \u201cLe roman mis en sc\u00e8ne: fictions narratives et adaptations th\u00e9\u00e2trales (XVIe-XVIIIe si\u00e8cles)\u201d, Universidad de Lille 3 (Francia), 20-21\/05\/10. Conferenciante invitado. 74. \u201cMito moderno y proceso de mitificaci\u00f3n\u201d, Seminario del Proyecto I+D+I HUM2007-62226\/FILO, Universidad Complutense, 27\/01\/10. 75. \u201cHacia la Edad Media: el sincretismo mitol\u00f3gico\u201d, Seminario del Proyecto I+D+I HUM2007-62226\/FILO, Universidad Complutense, 29\/04\/09. 76. \u201cLe Mythe de l\u2019Ange d\u00e9chu \u00e0 l\u2019\u00e9poque romantique en Europe\u201d, Curso de posgrado en Literatura Comparada, Universidad de Par\u00eds-Sorbonne, 04\/09. Conferenciante invitado. 77. \u201cLe Tristan de Wagner: un \u2018relais\u2019 musical et cr\u00e9ateur dans La Recherche de Proust\u201d, Congreso internacional \u201cProust: ecos y reflejos\u201d, Universidad Complutense, 23-25\/03\/09. 78. \u201cMoli\u00e8re et la comedia espagnole: le linceul de P\u00e9n\u00e9lope. L\u2019exemple de Dom Juan\u201d, Colloque international \u201cLa Comedia espagnole du Si\u00e8cle d\u2019Or en France: lecture, adaptation, mise en sc\u00e8ne\u201d, Universidad de Par\u00eds X Nanterre y Colegio de Espa\u00f1a (Par\u00eds), 16-17\/03\/09. 79. \u201c18th Century French Literature: From \u2018Reasoning\u2019 Reason to Critical Reason\u201d, Curso de posgrado en Literatura Francesa, Universidad Hebrea de Jerusal\u00e9n (Israel), 10-20\/06\/2008. Conferenciante invitado. 80. \u201cThe Myth of Don Juan: Transcendence and Immanence\u201d, Curso de posgrado en Literatura Espa\u00f1ola, Universidad Hebrea de Jerusal\u00e9n (Israel), 10-20\/06\/2008. Conferenciante invitado. 81. \u201cLe transfert de genres. Au sujet de deux \u00e9pigraphes dans les Odes de Victor Hugo\u201d, XVII Coloquio de la Asociaci\u00f3n de Profesores de Franc\u00e9s de la Universidad Espa\u00f1ola (APFUE) \u201cTexte, genre, discours\u201d, Universidad de Salamanca, 7-9\/05\/2008. 82. \u201cDon Giovanni ou la loi de la convergence musicale\u201d, Seminario de literatura francesa y comparada, Universidad Cat\u00f3lica de Lovaina (B\u00e9lgica), 05\/08. Conferenciante invitado. 83. \u201cDon Juan ou la religion qui vole en \u00e9clats\u201d, Seminario de literatura francesa y comparada, Universidad Cat\u00f3lica de Lovaina (B\u00e9lgica), 05\/08. Conferenciante invitado. 84. \u201cLe roman des Lumi\u00e8res. Vin nouveau dans des outres neuves, ou permanence de Descartes\u201d Coloquio internacional \u201cM\u00e9tamorphoses du roman fran\u00e7ais\u201d, Universidad Complutense, 21-23\/04\/08. 85. \u201cLa recepci\u00f3n del Cid en las lenguas y literaturas francesa, italiana e inglesa\u201d, Seminario Internacional Complutense \u201cObra antigua, traducci\u00f3n nueva: El Cantar de Mio Cid\u201d, Universidad Complutense, 16-17\/04\/2008. 86. \u201cLos estudios de filolog\u00eda moderna: el franc\u00e9s\u201d, Congreso \u201cLa Facultad de Filosof\u00eda y Letras en Madrid en la Segunda Rep\u00fablica\u201d, Universidad Complutense, 15-18\/01\/08. 87. \u201cCorrientes de cr\u00edtica mitol\u00f3gica\u201d, Seminario del Proyecto de Investigaci\u00f3n I+D \u201cAntropolog\u00eda m\u00edtica contempor\u00e1nea\u201d, Universidad Complutense, 28\/11\/07. 88. \u201cL\u2019Espagne et L\u2019Astr\u00e9e\u201d, Coloquio internacional \u201cLire L\u2019Astr\u00e9e\u201d, Universidad de Par\u00eds-Sorbona (Par\u00eds IV), 4-6\/10\/07. 89. \u201cAline et Valcour de Sade: science et \u2018pseudoscience\u2019 dans un roman philosophique\u201d, Congreso de la Soci\u00e9t\u00e9 Internationale d\u2019\u00c9tudes du XVIIIe Si\u00e8cle \u201cLumi\u00e8res et Science\u201d, Montpellier (Francia), 08-14\/07\/07. 90. \u201cLes utopies dans Candide de Voltaire\u201d, XVI Coloquio de la Asociaci\u00f3n de Profesores de Franc\u00e9s de la Universidad Espa\u00f1ola (APFUE) \u201cTexte et soci\u00e9t\u00e9\u201d, Universidad de L\u00e9rida, 24-27\/04\/07. 91. \u201cEl mito del \u00e1ngel ca\u00eddo y su tipolog\u00eda\u201d, Congreso internacional \u201cLa reescritura de los mitos en las obras literarias\u201d, Universidad de Castilla-La Mancha (Ciudad Real), 20-23\/03\/07. Conferenciante invitado. 92. \u201cDon Giovanni: la subversi\u00f3n sensorial\u201d, Coloquio \u201cViaje al mundo de los sentidos en la literatura y las artes\u201d, Universidad Complutense, 22-27\/05\/06. 93. \u201cEl Dom Juan de Moli\u00e8re y el Don Giovanni de Mozart\u201d, XV Coloquio de la Asociaci\u00f3n de Profesores de Franc\u00e9s de la Universidad Espa\u00f1ola (APFUE) \u201cLitt\u00e9rature, langages et arts: rencontres et cr\u00e9ation\u201d, Universidad de Huelva, 9-12\/05\/06. 94. \u201cFedra o la persecuci\u00f3n de los dioses\u201d, Ier Seminario de literatura y arte: \u201cMujeres y poder en la literatura occidental\u201d, Universidad Complutense, 22\/03\/06. 95. \u201cLa novel\u00edstica de Proust y Camus\u201d, Curso especial de Literatura, Universidad de Montevideo (Uruguay), 11-12\/09\/05. Conferenciante invitado. 96. \u201cLa literatura espa\u00f1ola en la literatura francesa\u201d, III Congreso internacional de literatura comparada, Universidad Cat\u00f3lica Argentina (Buenos Aires), 8-10\/09\/2005. Conferenciante invitado. 97. \u201cTartuffe: error de percepci\u00f3n e intentos de desenmascaramiento\u201d, XIV Coloquio de la Asociaci\u00f3n de Profesores de Franc\u00e9s de la Universidad Espa\u00f1ola (APFUE) \u201cPercepci\u00f3n y realidad\u201d, Universidad de Valladolid, 3-6\/05\/05. 98. \u201cLes Mots de Sartre: entre novela y autobiograf\u00eda\u201d, Seminario \u201cAutobiograf\u00eda e Historia\u201d, Universidad de Navarra (Pamplona), 27\/04\/05. Conferenciante invitado. 99. \u201cLa litt\u00e9rature espagnole en France au XVIIe si\u00e8cle: r\u00e9ception et pr\u00e9vention esth\u00e9tiques\u201d, XIII Coloquio de la Asociaci\u00f3n de Profesores de Franc\u00e9s de la Universidad Espa\u00f1ola (APFUE) \u201cIntertexto y polifon\u00eda\u201d, Universidad de Oviedo, 4-7\/05\/04. 100. \u201cVictor Hugo et le mythe de Don Juan\u201d, Congr\u00e8s du Centre de Recherche en Litt\u00e9rature Compar\u00e9e \u201cDon Juans insolites\u201d, Universidad de Par\u00eds-Sorbona (Par\u00eds IV), 26-27\/03\/04. Conferenciante invitado. 101. \u201cLangues et litt\u00e9ratures europ\u00e9ennes d\u2019une p\u00e9riode mouvement\u00e9e\u201d, Colloque international du Groupe de recherche \u201cXVIe-XVIIe si\u00e8cles en Europe\u201d, Universidad de Nancy (Francia), 13-15\/11\/03. Conferenciante invitado. 102. \u201cJean Giraudoux et l\u2019Espagne\u201d, VIIIe Congr\u00e8s international de la Soci\u00e9t\u00e9 internationale d\u2019\u00e9tudes giralduciennes \u201cRh\u00e9torique, stylistique et po\u00e9tique. L\u2019esth\u00e9tique du d\u00e9tail: autour de Jean Giraudoux\u201d, Universidad Complutense, 29-31\/10\/03. 103. \u201cUne querelle de salon: France, Italie, Espagne\u201d, Coloquio internacional \u201cTh\u00e9\u00e2tre et espace mondain au XVIIe si\u00e8cle\u201d, Universidad de Reims, 5-6\/06\/03. Conferenciante invitado. 104. \u201cTypologie des influences \u00e9trang\u00e8res: l\u2019exemple du XVIIe si\u00e8cle fran\u00e7ais influenc\u00e9 par l\u2019Espagne\u201d, Coloquio \u201cL\u2019Histoire litt\u00e9raire \u00e0 l\u2019aube du XXIe si\u00e8cle: controverses et consensus\u201d, Universidad de Estrasburgo, 12-17\/05\/03. Conferenciante invitado. 105. \u201cHugo moderno. De la novela al cine\u201d, Coloquio \u201cBicentenario V\u00edctor Hugo: su modernidad\u201d, Universidad Complutense, 10\/12\/02. 106. \u201cLes salons et l\u2019Espagne. \u00c0 propos de quelques querelles litt\u00e9raires\u201d, Coloquio \u201cLe Salon et la sc\u00e8ne. Com\u00e9die et mondanit\u00e9 au XVIIe si\u00e8cle\u201d, Universidad de Valenciennes (Francia), 15-16\/05\/02. 107. \u201cV\u00edctor Hugo: Jean Valjean y Los miserables\u201d, Happening 2002, Universidad Complutense, 17\/04\/02. Conferenciante invitado. 108. \u201cSaint-Exup\u00e9ry: Mozart asesinado\u201d, Jornada del escritor A. de St-Exup\u00e9ry, Universidad de Navarra (Pamplona), 27\/11\/00. Conferenciante invitado. 109. \u201cAdaptaciones francesas de Calder\u00f3n en el siglo XVII\u201d, Congreso internacional \u201cCalder\u00f3n en Europa\u201d, Universidad Complutense, 23-26\/10\/00. 110. \u201cLa r\u00e9ception du r\u00e9alisme espagnol en France au XVIIe si\u00e8cle\u201d, Coloquio \u201cR\u00e9alisme et r\u00e9alit\u00e9 en question au XVIIe si\u00e8cle\u201d, Universidad de Bourgogne (Dijon, Francia), 12-13\/05\/00. Conferenciante invitado. 111. \u201cEspacio art\u00edstico y espacio vital. Proust frente al romanticismo y la modernidad\u201d, Jornadas \u201cEl arte y la cultura europea: Par\u00eds 1900-1910\u201d, C\u00e1tedra de Est\u00e9tica F\u00e9lix Huarte, dirigido a Profesores de Humanidades de E.S.O., Universidad de Navarra (Pamplona), 17-18\/09\/99. Conferenciante invitado. 112. \u201cLos \u00e1ngeles en la poes\u00eda espa\u00f1ola moderna\u201d, Seminary of Romance Languages, Universidad de Oxford, 01\/97. Conferenciante invitado. 113. \u201cEl costumbrismo en el contexto rom\u00e1ntico europeo\u201d, XI Simposio de la Sociedad Espa\u00f1ola de Literatura General y Comparada, Fundaci\u00f3n Juan March, Madrid, 18-21\/12\/96. 114. \u201cPoetic Imagery and Tradition in Western European Modernism: Pound, Lorca, Claudel\u201d, Modernism in Relation to Modern Literature-Modernizm Wobec Tradycji i Wsp\u00f3lczesnosci Literackiej, Universidad de Lublin (Polonia), 21-23\/11\/96. Conferenciante invitado. 115. \u201cLa intertextualidad como lectura comparatista\u201d, VIII Seminario Susanne H\u00fcbner de Ling\u00fc\u00edstica. Pragmatic Approaches to (Inter-) Textuality, Universidad de Zaragoza, 29-30\/11-01\/12\/95. Conferenciante invitado. 116. \u201cV\u00edctor Hugo y la literatura moderna\u201d, Primeras Jornadas de literatura comparada y Did\u00e1ctica de la literatura, Universidad de La Coru\u00f1a, 7 y 28\/11\/95. Conferenciante invitado. 117. \u201cEl cuento modernista de Valle-Incl\u00e1n, El cuento\u201d, II Congreso internacional de literatura comparada. Fundaci\u00f3n Mar\u00eda Teresa Maiorana \/ Universidad Cat\u00f3lica Argentina (Buenos Aires), 12-15\/10\/95. Conferenciante invitado. 118. \u201cRomanc\u00e9ro et Romantisme\u201d, IV Coloquio de la Asociaci\u00f3n de Profesores de Franc\u00e9s de la Universidad Espa\u00f1ola, Universidad de Las Palmas de Gran Canaria, 03\/95. 119. \u201cDon Juan y trascendencia\u201d, Congreso internacional \u201cTirso de Molina: del Siglo de Oro al siglo XX\u201d, Universidad de Navarra (Pamplona), 13-15\/12\/94. 120. \u201cLa culpabilidad en el mito de Don Juan a trav\u00e9s de su evoluci\u00f3n en la literatura europea\u201d, IV Sesiones de teatro cl\u00e1sico y europeo, Universidad de Burgos, 11\/94. 121. \u201cDictionnaire de Don Juan: S\u00e9minaire de litt\u00e9rature compar\u00e9e\u201d, Universidad de Par\u00eds-Sorbona, 11\/94. Conferenciante invitado. 122. \u201cMultiling\u00fcismo y poeticidad en V\u00edctor Hugo\u201d, X Simposio de la Sociedad Espa\u00f1ola de Literatura General y Comparada, Universidad de Santiago de Compostela, 18-21\/10\/1994. 123. \u201cSaint-Exup\u00e9ry. Vers une po\u00e9tique de l\u2019homme par le langage\u201d, \u201cSaint-Exup\u00e9ry en nuestro tiempo: Balance de cincuenta a\u00f1os\u201d, Estudio General Luliano, Palma de Mallorca, 4-5\/10\/94. 124. \u201cL\u2019\u00e9laboration des bibliographies compar\u00e9es. Principes m\u00e9thodologiques pour l\u2019\u00e9tablissement d\u2019une bibliographie compar\u00e9e et raisonn\u00e9e de la litt\u00e9rature franco-espagnole du XVIIe si\u00e8cle\u201d, XIVth Congress of the International Comparative Literature Association, Edmonton, Universidad de Alberta (Canad\u00e1), 15-20\/08\/94. 125. \u201cPrincipios metodol\u00f3gicos para la elaboraci\u00f3n de una bibliograf\u00eda comparada de la literatura franco-espa\u00f1ola del siglo XVII\u201d, III Coloquio de la Asociaci\u00f3n de Profesores de Franc\u00e9s de la Universidad Espa\u00f1ola \u201cLa traducci\u00f3n: metodolog\u00eda\/historia\/literatura\u201d, Universidad Pompeu Fabra (Barcelona), 20-22\/04\/94. 126. \u201cS\u00edntesis francesa del \u00e1ngel ca\u00eddo\u201d, Colloque de litt\u00e9rature compar\u00e9e \u201cLa France au carrefour de l\u2019Europe\u201d, Universidad Complutense, 11-15\/04\/94. 127. \u201cAcercamiento a una concepci\u00f3n del honor en el Quijote: la pureza de sangre\u201d, II Congreso de la Asociaci\u00f3n Internacional de Cervantistas, Instituto Universitario Oriental (N\u00e1poles), 4-8\/04\/94. 128. \u201cLa solitude de l\u2019ange d\u00e9chu \u00e0 l\u2019\u00e9poque romantique\u201d, XXVe Colloque de la Soci\u00e9t\u00e9 Fran\u00e7aise de Litt\u00e9rature G\u00e9n\u00e9rale et Compar\u00e9e, Universidad Stendhal (Grenoble), 04-6\/12\/93. 129. \u201cLe Mythe de Don Juan: S\u00e9minaire de litt\u00e9rature compar\u00e9e\u201d, Universidad de Par\u00eds-Sorbona, 11\/93. Conferenciante invitado. 130. \u201cLa r\u00e9ception du grotesque hugolien en Espagne\u201d, Coloquio \u201c\u00c0 la Recherche du Grotesque\u201d, Instituto Finland\u00e9s de Par\u00eds, 3-5\/11\/1993. 131. \u201cVictor Hugo et l\u2019Espagne: Seminaire de litt\u00e9rature compar\u00e9e\u201d, Universidad de Par\u00eds-Nouvelle Sorbonne, 05\/93. Conferenciante invitado. 132. \u201cLa comedia espa\u00f1ola y su traslaci\u00f3n a otros horizontes: tragedias y comedias del Siglo de Oro en Francia\u201d, Congreso internacional \u201cDel Horror a la Risa. Los g\u00e9neros teatrales cl\u00e1sicos\u201d, Universidad de Navarra (Pamplona), 25-27\/11\/1992. Conferenciante invitado. 133. \u201cLa mujer y el \u00e1ngel ca\u00eddo: soteriolog\u00eda en la \u00e9poca rom\u00e1ntica\u201d, IX Simposio de la Sociedad Espa\u00f1ola de Literatura General y Comparada, Universidad de Zaragoza, 18-21\/11\/1992. 134. \u201cPaul Claudel: por una nueva l\u00f3gica po\u00e9tica\u201d, Seminario Interuniversitario \u201cPo\u00e9ticas francesas del siglo XX\u201d, Universidad de Navarra (Pamplona), 09-13\/11\/92. 135. \u201cLe Symbolisme en Espagne: Questions d\u2019identit\u00e9 et d\u2019influence \u00e9trang\u00e8re. Le cas de Juan Ram\u00f3n Jim\u00e9nez\u201d, Colloque \u201cLe Symbolisme inconnu\u201d, Instituto Finland\u00e9s de Par\u00eds, 2-4\/11\/1992. 136. \u201cMaures et chr\u00e9tiens dans la litt\u00e9rature du XVIIe si\u00e8cle. Questions sur l\u2019imaginaire \u00e0 propos de Za\u00efde\u201d, XXIVe Congr\u00e8s de la Soci\u00e9t\u00e9 Fran\u00e7aise de Litt\u00e9rature G\u00e9n\u00e9rale et Compar\u00e9e, Universidad de Estrasburgo, 17-19\/05\/1992. 137. \u201cLa litt\u00e9rature compar\u00e9e et l\u2019interculturel\u201d, Journ\u00e9es d\u2019\u00e9change franco-espagnol sous les auspices du Minist\u00e8re Fran\u00e7ais de l\u2019Agriculture et du Commerce, Barbaste (Aquitania, Francia), 03-05\/05\/1992. Conferenciante invitado. 138. \u201cEn torno a un poeta legendario: V\u00edctor Hugo\u201d, Seminario universitario de literatura francesa, Universidad de Navarra, 05-14\/11\/1991. 139. \u201cEl teatro cl\u00e1sico franc\u00e9s: Le Cid (Corneille) y Ph\u00e8dre (Racine)\u201d, Seminario universitario de literatura francesa, Universidad de Navarra (Pamplona), 05-14\/11\/1991. 140. \u201cContribuci\u00f3n al estudio de Cervantes en el extranjero: La Force du sang d\u2019Alexandre Hardy\u201d, Ier Congreso de la Asociaci\u00f3n Internacional de Cervantistas, Almagro (Ciudad Real), 24-29\/06\/1991. 141. \u201cLe Mythe d\u2019Iphig\u00e9nie en Espagne\u201d, Congr\u00e8s International du Centre de Recherche en Litt\u00e9rature Compar\u00e9e, Universidad de Par\u00eds-Sorbona (Par\u00eds IV), 23-26\/05\/1991. 142. \u201cLa concepci\u00f3n del honor en el teatro espa\u00f1ol y franc\u00e9s del siglo XVII: problemas de metodolog\u00eda\u201d, II Congreso de la Asociaci\u00f3n Internacional del Siglo de Oro, Universidad de Salamanca, 10-15\/07\/1990.<\/ol>\n<p>[\/et_pb_text][\/et_pb_column][\/et_pb_row][et_pb_row padding_mobile=&#8221;off&#8221; column_padding_mobile=&#8221;on&#8221; admin_label=&#8221;Fila&#8221; _builder_version=&#8221;4.16&#8243; background_size=&#8221;initial&#8221; background_position=&#8221;top_left&#8221; background_repeat=&#8221;repeat&#8221; global_colors_info=&#8221;{}&#8221;][et_pb_column type=&#8221;4_4&#8243; _builder_version=&#8221;4.16&#8243; custom_padding=&#8221;|||&#8221; global_colors_info=&#8221;{}&#8221; custom_padding__hover=&#8221;|||&#8221;][et_pb_text admin_label=&#8221;T\u00edtulo H2 fondo blanco&#8221; _builder_version=&#8221;4.16&#8243; background_size=&#8221;initial&#8221; background_position=&#8221;top_left&#8221; background_repeat=&#8221;repeat&#8221; global_colors_info=&#8221;{}&#8221;]<\/p>\n<h2 id=\"otros\" style=\"text-align: center;\"><span style=\"color: #613927;\"><strong>Otros m\u00e9ritos<\/strong><\/span><\/h2>\n<p>[\/et_pb_text][\/et_pb_column][\/et_pb_row][et_pb_row padding_mobile=&#8221;off&#8221; column_padding_mobile=&#8221;on&#8221; admin_label=&#8221;row&#8221; _builder_version=&#8221;4.16&#8243; background_color=&#8221;#faf4e9&#8243; background_size=&#8221;initial&#8221; background_position=&#8221;top_left&#8221; background_repeat=&#8221;repeat&#8221; custom_css_main_element=&#8221;border-radius: 30px;||box-shadow: 10px 10px 10px rgba(0,0,0,.1);&#8221; global_colors_info=&#8221;{}&#8221;][et_pb_column type=&#8221;4_4&#8243; _builder_version=&#8221;4.16&#8243; custom_padding=&#8221;|||&#8221; global_colors_info=&#8221;{}&#8221; custom_padding__hover=&#8221;|||&#8221;][et_pb_text admin_label=&#8221;Texto anchura 95%&#8221; _builder_version=&#8221;4.16&#8243; background_size=&#8221;initial&#8221; background_position=&#8221;top_left&#8221; background_repeat=&#8221;repeat&#8221; max_width=&#8221;95%&#8221; custom_margin=&#8221;|||30px&#8221; global_colors_info=&#8221;{}&#8221;]<\/p>\n<h4><strong>Cargos acad\u00e9micos y asociaciones<\/strong><\/h4>\n<p><\/p>\n<div id=\"container\">\n<div id=\"sub_container2\">\n<div id=\"content_container\" class=\"content\">\n<ul>\n<li>Vicepresidente de la Association pour la Diffusion de la Recherche en Litt\u00e9rature (ADIREL), Par\u00eds (2015-).<\/li>\n<li>Miembro del <a href=\"https:\/\/www.ucm.es\/iucr\">Instituto de Ciencias de las Religiones<\/a> (Universidad Complutense, 2017-).<\/li>\n<li>Miembro del <a href=\"https:\/\/www.ucm.es\/item\/instituto-universitario\">Instituto del Teatro de Madrid<\/a> (Universidad Complutense, 2007-).<\/li>\n<li>Miembro, por designaci\u00f3n, de la <a href=\"http:\/\/srhlf.free.fr\/\">Soci\u00e9t\u00e9 d\u2019Histoire litt\u00e9raire de la France<\/a> (Par\u00eds, 2007-).<\/li>\n<li>Director del <a href=\"http:\/\/www.ucm.es\/filolfrancesa\">Departamento de Filolog\u00eda Francesa<\/a> de la Universidad Complutense (2012-2017).<\/li>\n<li>Coordinador General del <a href=\"https:\/\/www.ucm.es\/estudios\/grado-lenguasmodernasysusliteraturas\">Grado de Lenguas Modernas de la Facultad de Filolog\u00eda<\/a> de la Universidad Complutense (2011-2013).<\/li>\n<li>Presidente de la Comisi\u00f3n de Calidad del Grado de Lenguas Modernas de la Facultad de Filolog\u00eda de la Universidad Complutense (2011-2013).<\/li>\n<li>Vicedecano de Investigaci\u00f3n y Doctorado de la Facultad de Filolog\u00eda (Universidad Complutense, 2022-).<\/li>\n<\/ul>\n<h4 style=\"background-color: #faf4e9;\"><strong style=\"font-size: 18px;\">Comisiones de evaluaci\u00f3n<\/strong><\/h4>\n<ul style=\"background-color: #faf4e9;\">\n<li>Evaluador de la ANECA para los Programas \u201cSalvador de Madariaga\u201d y \u201cJos\u00e9 Castillejo\u201d convocados por el Ministerio de Educaci\u00f3n Cultura y Deporte (2018-).<\/li>\n<li>Evaluador experto del &#8220;<a href=\"http:\/\/www.hceres.fr\/\">Haut Conseil de l\u2019\u00e9valuation de la recherche et de l\u2019enseignement sup\u00e9rieu<\/a>r&#8221; (HC\u00c9RES) -an\u00e1logo a la ANECA en Espa\u00f1a- (2017-).<\/li>\n<li>Evaluador experto de la Agencia Nacional de Evaluaci\u00f3n y Prospectiva (ANEP), Ministerio de Econom\u00eda y Competitividad (2012-).<\/li>\n<\/ul>\n<h4><strong>Consejos editoriales<\/strong><\/h4>\n<ul>\n<li>A\u00e7ao Midi\u00e1tica. Estudos em Comunica\u00e7\u00e3o, Sociedade e Cultura, Curitiba, Paran\u00e1, Brasil (2015-).<\/li>\n<li>Serie \u201c&amp; Oltre collana\u201d. Editorial Levante, Bari (2015-).<\/li>\n<li><a href=\"http:\/\/www.droz.org\/eur\/fr\/28-travaux-de-litt%C3%A9rature\">Travaux de Litt\u00e9rature <\/a>(Revista, Par\u00eds). Miembro del Comit\u00e9 cient\u00edfico. Desde 2009.<\/li>\n<li><a href=\"http:\/\/www.ucm.es\/info\/amaltea\/revista\/revista.html\">Amaltea. Revista de mitocr\u00edtica<\/a> (Revista, Madrid). Editor General. Desde 2008.<\/li>\n<li><a href=\"https:\/\/www.classiques-garnier.com\/editions\/index.php?page=shop.browse&amp;category_id=13&amp;option=com_virtuemart&amp;Itemid=1&amp;vmcchk=1&amp;Itemid=1\">\u201cPerspectives comparatistes\u201d<\/a>, colecci\u00f3n de la editorial <a href=\"http:\/\/docs.lib.purdue.edu\/clcweb\/\">Classiques Garnier<\/a> (Par\u00eds). Desde 2008.<\/li>\n<li>Pygmalion (Revista, Madrid). Desde 2008.<\/li>\n<li><a href=\"http:\/\/www.droz.org\/eur\/fr\/13-bihr\">Bibliographie internationale de l\u2019Humanisme et de la Renaissance<\/a> (Revista, Droz, Ginebra). 2001-2004.<\/li>\n<li><a href=\"http:\/\/docs.lib.purdue.edu\/clcweb\/\">Comparative Literature and Culture<\/a> (Revista, Purdue University, IN, EE.UU.). Desde 1997.<\/li>\n<li><a href=\"http:\/\/www.fabula.org\/actualites\/une-nouvelle-collection-de-litterature-comparee-perspectives-comparatistes-editions-classiques-_33172.php\">\u201c<\/a><a href=\"http:\/\/www.reichenberger.de\/Pages\/plit.html\">Problemata Literaria<\/a><a href=\"http:\/\/www.fabula.org\/actualites\/une-nouvelle-collection-de-litterature-comparee-perspectives-comparatistes-editions-classiques-_33172.php\">\u201d<\/a>, colecci\u00f3n de la <a href=\"http:\/\/www.reichenberger.de\/Pages\/plit.html\">editorial Reichenberger<\/a> (Kassel, Alemania). Desde 1995.<\/li>\n<\/ul>\n<h4><strong><span lang=\"FR\"><span lang=\"EN-GB\">Fundador y Editor de Amaltea, Revista de Mitocr\u00edtica (Madrid, 2008; ISSN 1989-1709)<\/span><\/span><\/strong><\/h4>\n<ul>\n<li>Indexada en Scopus (Elsevier), ESCI (<i>Emerging Sources Citation Index<\/i>, Web of Science-Thompson Reuters), LLBA (<i>Linguistics &amp; Language Behavior Abstract<\/i>), MLA (<i>Modern Language Association<\/i>), Latindex, CIRC (<i>Clasificaci\u00f3n Integrada de Revistas Cient\u00edficas<\/i>), Dialnet, DICE, ISOC (<i>Ciencias Sociales y Humanidades<\/i>), MIAR (<i>Matriz de Informaci\u00f3n para el An\u00e1lisis de Revistas<\/i>), RESH (<i>Revistas Espa\u00f1olas de Ciencias Sociales y Humanidades<\/i>) y REDIB (<i>Red Iberoamericana de Innovaci\u00f3n y Conocimiento Cient\u00edfico<\/i>). Sello de Calidad de la FECYT (2021-). <span lang=\"FR\"><span lang=\"EN-GB\"><a href=\"http:\/\/revistas.ucm.es\/index.php\/AMAL\">http:\/\/revistas.ucm.es\/index.php\/AMAL<\/a><\/span><\/span><\/li>\n<\/ul>\n<h4><strong><span lang=\"FR\">Fundador y Presidente de Asteria, Asociaci\u00f3n Internacional de Mitocr\u00edtica (Madrid, 2010)<\/span><\/strong><\/h4>\n<ul>\n<ul>\n<li><a href=\"https:\/\/asteriamyth.com\/\">Sitio web<\/a><\/li>\n<\/ul>\n<\/ul>\n<h4><strong style=\"font-size: 18px;\"><span lang=\"FR\">Comisario de la Exposici\u00f3n \u201cEl Jard\u00edn de las Hesp\u00e9rides\u201d<\/span><\/strong><span style=\"font-size: small;\"><span lang=\"FR\">, de Luis Priego, exposici\u00f3n celebrada en el <\/span><span lang=\"FR\">c arte c (Centro de Arte Complutense), avda. Juan de Herrera, 2, Madrid, de 20 de enero al 4 de abril de 2022, organizada por el Vicerrectorado de Cultura, Deporte y Extensi\u00f3n Universitaria, en colaboraci\u00f3n con diversas empresas (L\u2019Or\u00e9al, Asteria\u2026)<\/span><\/span><\/h4>\n<p><strong> <\/strong><\/p>\n<\/div>\n<p><\/p>\n<p><strong> <\/strong><\/p>\n<p><\/div>\n<p><\/p>\n<p><strong> <\/strong><\/p>\n<p><\/div>\n<p><\/p>\n<p><strong> <\/strong><\/p>\n<p>[\/et_pb_text][\/et_pb_column][\/et_pb_row][\/et_pb_section]<\/p>\n","protected":false},"excerpt":{"rendered":"<p>Campos de inter\u00e9s\u00a0| Colaboraci\u00f3n en proyectos | Estancias | Conferencias\u00a0| Otros m\u00e9ritosCampos de inter\u00e9s Mitocr\u00edtica y epistemolog\u00eda del mito Literatura francesa de los siglos XVII-XXI Teor\u00eda de la literatura y literatura comparada Colaboraci\u00f3n en proyectos TEI-WIKI para estudios de interculturalidad mediante ense\u00f1anza comparada de literatura y arte. Entidad financiadora: Universidad Complutense de Madrid y Comunidad [&hellip;]<\/p>\n","protected":false},"author":1,"featured_media":0,"parent":0,"menu_order":0,"comment_status":"closed","ping_status":"closed","template":"","meta":{"_et_pb_use_builder":"on","_et_pb_old_content":"","_et_gb_content_width":"","footnotes":""},"class_list":["post-353","page","type-page","status-publish","hentry"],"yoast_head":"<!-- This site is optimized with the Yoast SEO plugin v27.5 - https:\/\/yoast.com\/product\/yoast-seo-wordpress\/ -->\n<title>Research - Jos\u00e9 Manuel Losada<\/title>\n<meta name=\"description\" content=\"Jos\u00e9 Manuel Losada is a researcher about myth criticism. Here you can find a list of all his contributions to the field.\" \/>\n<meta name=\"robots\" content=\"index, follow, max-snippet:-1, max-image-preview:large, max-video-preview:-1\" \/>\n<link rel=\"canonical\" href=\"https:\/\/josemanuellosada.com\/investigacion\" \/>\n<meta property=\"og:locale\" content=\"en_US\" \/>\n<meta property=\"og:type\" content=\"article\" \/>\n<meta property=\"og:title\" content=\"Research - Jos\u00e9 Manuel Losada\" \/>\n<meta property=\"og:description\" content=\"Jos\u00e9 Manuel Losada is a researcher about myth criticism. Here you can find a list of all his contributions to the field.\" \/>\n<meta property=\"og:url\" content=\"https:\/\/josemanuellosada.com\/investigacion\" \/>\n<meta property=\"og:site_name\" content=\"Jos\u00e9 Manuel Losada\" \/>\n<meta property=\"article:modified_time\" content=\"2025-06-09T10:09:09+00:00\" \/>\n<meta name=\"twitter:card\" content=\"summary_large_image\" \/>\n<meta name=\"twitter:label1\" content=\"Est. reading time\" \/>\n\t<meta name=\"twitter:data1\" content=\"30 minutes\" \/>\n<script type=\"application\/ld+json\" class=\"yoast-schema-graph\">{\"@context\":\"https:\\\/\\\/schema.org\",\"@graph\":[{\"@type\":\"WebPage\",\"@id\":\"https:\\\/\\\/josemanuellosada.com\\\/investigacion\",\"url\":\"https:\\\/\\\/josemanuellosada.com\\\/investigacion\",\"name\":\"Research - Jos\u00e9 Manuel Losada\",\"isPartOf\":{\"@id\":\"https:\\\/\\\/josemanuellosada.com\\\/#website\"},\"datePublished\":\"2016-07-26T04:11:31+00:00\",\"dateModified\":\"2025-06-09T10:09:09+00:00\",\"description\":\"Jos\u00e9 Manuel Losada is a researcher about myth criticism. Here you can find a list of all his contributions to the field.\",\"breadcrumb\":{\"@id\":\"https:\\\/\\\/josemanuellosada.com\\\/investigacion#breadcrumb\"},\"inLanguage\":\"en-US\",\"potentialAction\":[{\"@type\":\"ReadAction\",\"target\":[\"https:\\\/\\\/josemanuellosada.com\\\/investigacion\"]}]},{\"@type\":\"BreadcrumbList\",\"@id\":\"https:\\\/\\\/josemanuellosada.com\\\/investigacion#breadcrumb\",\"itemListElement\":[{\"@type\":\"ListItem\",\"position\":1,\"name\":\"Portada\",\"item\":\"https:\\\/\\\/josemanuellosada.com\\\/en\"},{\"@type\":\"ListItem\",\"position\":2,\"name\":\"Research\"}]},{\"@type\":\"WebSite\",\"@id\":\"https:\\\/\\\/josemanuellosada.com\\\/#website\",\"url\":\"https:\\\/\\\/josemanuellosada.com\\\/\",\"name\":\"Jos\u00e9 Manuel Losada\",\"description\":\"\",\"publisher\":{\"@id\":\"https:\\\/\\\/josemanuellosada.com\\\/#\\\/schema\\\/person\\\/7b31ab78f4da47181a987eaf95b0ab30\"},\"potentialAction\":[{\"@type\":\"SearchAction\",\"target\":{\"@type\":\"EntryPoint\",\"urlTemplate\":\"https:\\\/\\\/josemanuellosada.com\\\/?s={search_term_string}\"},\"query-input\":{\"@type\":\"PropertyValueSpecification\",\"valueRequired\":true,\"valueName\":\"search_term_string\"}}],\"inLanguage\":\"en-US\"},{\"@type\":[\"Person\",\"Organization\"],\"@id\":\"https:\\\/\\\/josemanuellosada.com\\\/#\\\/schema\\\/person\\\/7b31ab78f4da47181a987eaf95b0ab30\",\"name\":\"Jos\u00e9 Manuel Losada\",\"image\":{\"@type\":\"ImageObject\",\"inLanguage\":\"en-US\",\"@id\":\"https:\\\/\\\/secure.gravatar.com\\\/avatar\\\/976978d3be220c635129c826d6877f6f19d5c044d3dbef3b4c6a4e071c263dd6?s=96&d=mm&r=g\",\"url\":\"https:\\\/\\\/secure.gravatar.com\\\/avatar\\\/976978d3be220c635129c826d6877f6f19d5c044d3dbef3b4c6a4e071c263dd6?s=96&d=mm&r=g\",\"contentUrl\":\"https:\\\/\\\/secure.gravatar.com\\\/avatar\\\/976978d3be220c635129c826d6877f6f19d5c044d3dbef3b4c6a4e071c263dd6?s=96&d=mm&r=g\",\"caption\":\"Jos\u00e9 Manuel Losada\"},\"logo\":{\"@id\":\"https:\\\/\\\/secure.gravatar.com\\\/avatar\\\/976978d3be220c635129c826d6877f6f19d5c044d3dbef3b4c6a4e071c263dd6?s=96&d=mm&r=g\"},\"sameAs\":[\"http:\\\/\\\/www.josemanuellosada.com\"]}]}<\/script>\n<!-- \/ Yoast SEO plugin. -->","yoast_head_json":{"title":"Research - Jos\u00e9 Manuel Losada","description":"Jos\u00e9 Manuel Losada is a researcher about myth criticism. Here you can find a list of all his contributions to the field.","robots":{"index":"index","follow":"follow","max-snippet":"max-snippet:-1","max-image-preview":"max-image-preview:large","max-video-preview":"max-video-preview:-1"},"canonical":"https:\/\/josemanuellosada.com\/investigacion","og_locale":"en_US","og_type":"article","og_title":"Research - Jos\u00e9 Manuel Losada","og_description":"Jos\u00e9 Manuel Losada is a researcher about myth criticism. Here you can find a list of all his contributions to the field.","og_url":"https:\/\/josemanuellosada.com\/investigacion","og_site_name":"Jos\u00e9 Manuel Losada","article_modified_time":"2025-06-09T10:09:09+00:00","twitter_card":"summary_large_image","twitter_misc":{"Est. reading time":"30 minutes"},"schema":{"@context":"https:\/\/schema.org","@graph":[{"@type":"WebPage","@id":"https:\/\/josemanuellosada.com\/investigacion","url":"https:\/\/josemanuellosada.com\/investigacion","name":"Research - Jos\u00e9 Manuel Losada","isPartOf":{"@id":"https:\/\/josemanuellosada.com\/#website"},"datePublished":"2016-07-26T04:11:31+00:00","dateModified":"2025-06-09T10:09:09+00:00","description":"Jos\u00e9 Manuel Losada is a researcher about myth criticism. Here you can find a list of all his contributions to the field.","breadcrumb":{"@id":"https:\/\/josemanuellosada.com\/investigacion#breadcrumb"},"inLanguage":"en-US","potentialAction":[{"@type":"ReadAction","target":["https:\/\/josemanuellosada.com\/investigacion"]}]},{"@type":"BreadcrumbList","@id":"https:\/\/josemanuellosada.com\/investigacion#breadcrumb","itemListElement":[{"@type":"ListItem","position":1,"name":"Portada","item":"https:\/\/josemanuellosada.com\/en"},{"@type":"ListItem","position":2,"name":"Research"}]},{"@type":"WebSite","@id":"https:\/\/josemanuellosada.com\/#website","url":"https:\/\/josemanuellosada.com\/","name":"Jos\u00e9 Manuel Losada","description":"","publisher":{"@id":"https:\/\/josemanuellosada.com\/#\/schema\/person\/7b31ab78f4da47181a987eaf95b0ab30"},"potentialAction":[{"@type":"SearchAction","target":{"@type":"EntryPoint","urlTemplate":"https:\/\/josemanuellosada.com\/?s={search_term_string}"},"query-input":{"@type":"PropertyValueSpecification","valueRequired":true,"valueName":"search_term_string"}}],"inLanguage":"en-US"},{"@type":["Person","Organization"],"@id":"https:\/\/josemanuellosada.com\/#\/schema\/person\/7b31ab78f4da47181a987eaf95b0ab30","name":"Jos\u00e9 Manuel Losada","image":{"@type":"ImageObject","inLanguage":"en-US","@id":"https:\/\/secure.gravatar.com\/avatar\/976978d3be220c635129c826d6877f6f19d5c044d3dbef3b4c6a4e071c263dd6?s=96&d=mm&r=g","url":"https:\/\/secure.gravatar.com\/avatar\/976978d3be220c635129c826d6877f6f19d5c044d3dbef3b4c6a4e071c263dd6?s=96&d=mm&r=g","contentUrl":"https:\/\/secure.gravatar.com\/avatar\/976978d3be220c635129c826d6877f6f19d5c044d3dbef3b4c6a4e071c263dd6?s=96&d=mm&r=g","caption":"Jos\u00e9 Manuel Losada"},"logo":{"@id":"https:\/\/secure.gravatar.com\/avatar\/976978d3be220c635129c826d6877f6f19d5c044d3dbef3b4c6a4e071c263dd6?s=96&d=mm&r=g"},"sameAs":["http:\/\/www.josemanuellosada.com"]}]}},"_links":{"self":[{"href":"https:\/\/josemanuellosada.com\/en\/wp-json\/wp\/v2\/pages\/353","targetHints":{"allow":["GET"]}}],"collection":[{"href":"https:\/\/josemanuellosada.com\/en\/wp-json\/wp\/v2\/pages"}],"about":[{"href":"https:\/\/josemanuellosada.com\/en\/wp-json\/wp\/v2\/types\/page"}],"author":[{"embeddable":true,"href":"https:\/\/josemanuellosada.com\/en\/wp-json\/wp\/v2\/users\/1"}],"replies":[{"embeddable":true,"href":"https:\/\/josemanuellosada.com\/en\/wp-json\/wp\/v2\/comments?post=353"}],"version-history":[{"count":82,"href":"https:\/\/josemanuellosada.com\/en\/wp-json\/wp\/v2\/pages\/353\/revisions"}],"predecessor-version":[{"id":2412,"href":"https:\/\/josemanuellosada.com\/en\/wp-json\/wp\/v2\/pages\/353\/revisions\/2412"}],"wp:attachment":[{"href":"https:\/\/josemanuellosada.com\/en\/wp-json\/wp\/v2\/media?parent=353"}],"curies":[{"name":"wp","href":"https:\/\/api.w.org\/{rel}","templated":true}]}}